{"id":2,"date":"2026-09-04T18:47:20","date_gmt":"2026-09-04T16:47:20","guid":{"rendered":"https:\/\/www.praxismack.de\/?page_id=2"},"modified":"2026-09-05T01:31:46","modified_gmt":"2026-09-04T23:31:46","slug":"beispielseite","status":"publish","type":"page","link":"https:\/\/www.praxismack.de\/","title":{"rendered":""},"content":{"rendered":"\n<div class=\"wp-block-group alignwide has-large-font-size has-global-padding is-layout-constrained wp-block-group-is-layout-constrained\" style=\"margin-top:0;margin-bottom:0;padding-top:0;padding-bottom:0\">\n<div class=\"wp-block-columns alignwide is-layout-flex wp-container-core-columns-is-layout-89463222 wp-block-columns-is-layout-flex\">\n<div class=\"wp-block-column is-vertically-aligned-top is-layout-flow wp-block-column-is-layout-flow\">\n<h2 class=\"wp-block-heading has-x-large-font-size\"><strong>Psychotherapeutische Praxis<br>f\u00fcr Kinder und Jugendliche <\/strong><br>Verhaltenstherapie<\/h2>\n\n\n\n<p class=\"wp-block-paragraph\"><\/p>\n\n\n\n<p class=\"has-text-align-left is-style-text-annotation has-accent-3-color has-text-color has-link-color has-small-font-size wp-elements-1 is-style-text-annotation--1 wp-block-paragraph\">F\u00fcr Privatpatienten und Selbstzahler<\/p>\n\n\n\n<p class=\"wp-block-paragraph\"><\/p>\n\n\n\n<p class=\"has-accent-3-color has-text-color has-link-color has-large-font-size wp-elements-2 wp-block-paragraph\"><br><strong>Herzlich willkommen bei Dipl.P\u00e4d. Jana Mack<\/strong><\/p>\n\n\n\n<p class=\"has-medium-font-size wp-block-paragraph\">In meiner psychotherapeutischen Praxis in Eberbach\u00a0begleite ich als approbierte Kinder- und Jugendlichenpsychotherapeutin Kinder und Jugendliche sowie deren Familien im Richtlinienverfahren\u00a0<strong>Verhaltenstherapie<\/strong>.<\/p>\n<\/div>\n\n\n\n<div class=\"wp-block-column is-layout-flow wp-block-column-is-layout-flow\">\n<figure class=\"wp-block-image size-full is-resized\"><img loading=\"lazy\" decoding=\"async\" width=\"840\" height=\"1000\" src=\"https:\/\/www.praxismack.de\/wp-content\/uploads\/2026\/09\/Jana-Mack-Psychotherapeutin-Eberbach-4.jpg\" alt=\"\" class=\"wp-image-6\" style=\"aspect-ratio:1;object-fit:cover;width:490px;height:auto\" srcset=\"https:\/\/www.praxismack.de\/wp-content\/uploads\/2026\/09\/Jana-Mack-Psychotherapeutin-Eberbach-4.jpg 840w, https:\/\/www.praxismack.de\/wp-content\/uploads\/2026\/09\/Jana-Mack-Psychotherapeutin-Eberbach-4-252x300.jpg 252w, https:\/\/www.praxismack.de\/wp-content\/uploads\/2026\/09\/Jana-Mack-Psychotherapeutin-Eberbach-4-768x914.jpg 768w\" sizes=\"auto, (max-width: 840px) 100vw, 840px\" \/><\/figure>\n<\/div>\n<\/div>\n<\/div>\n\n\n\n<div style=\"height:35px\" aria-hidden=\"true\" class=\"wp-block-spacer\"><\/div>\n\n\n\n<hr class=\"wp-block-separator has-alpha-channel-opacity is-style-wide is-style-wide--2\" style=\"margin-top:var(--wp--preset--spacing--50);margin-bottom:var(--wp--preset--spacing--50)\"\/>\n\n\n\n<div class=\"wp-block-columns alignwide is-layout-flex wp-container-core-columns-is-layout-1a64a283 wp-block-columns-is-layout-flex\" style=\"margin-top:0;margin-bottom:0\">\n<div class=\"wp-block-column is-layout-flow wp-block-column-is-layout-flow\">\n<h2 class=\"wp-block-heading has-text-align-left has-accent-3-color has-text-color has-link-color has-x-large-font-size wp-elements-3\" style=\"margin-right:0;margin-left:0;padding-right:0;padding-left:0\">Ein Raum, in dem du sein darfst, <br>wie du bist<\/h2>\n\n\n\n<p class=\"has-text-color has-link-color wp-elements-4 wp-block-paragraph\" style=\"color:#2b2b2b;font-size:clamp(14px, 0.875rem + ((1vw - 3.2px) * 0.392), 18px);px\">Eine Krise kann nicht nur belastend sein, sondern auch eine M\u00f6glichkeit er\u00f6ffnen, sich selbst besser kennenzulernen, neue Perspektiven zu entwickeln und pers\u00f6nlich zu wachsen. Gemeinsam k\u00f6nnen wir schauen, welche Ressourcen bereits vorhanden sind und wie diese f\u00fcr die aktuelle Situation genutzt werden k\u00f6nnen.<\/p>\n\n\n\n<p class=\"has-text-color has-link-color wp-elements-5 wp-block-paragraph\" style=\"color:#2b2b2b;font-size:clamp(14px, 0.875rem + ((1vw - 3.2px) * 0.392), 18px);px\">Ich schaffe einen gesch\u00fctzten Raum, in dem du dich zeigen kannst, wie du bist \u2013 mit allem, was dich besch\u00e4ftigt, bewegt oder belastet. <\/p>\n\n\n\n<p class=\"has-text-color has-link-color wp-elements-6 wp-block-paragraph\" style=\"color:#2b2b2b;font-size:clamp(14px, 0.875rem + ((1vw - 3.2px) * 0.392), 18px);px\">Meine Aufgabe sehe ich darin, Kinder und Jugendliche sowie ihre Familien dabei zu unterst\u00fctzen, pers\u00f6nliche Herausforderungen besser zu verstehen, neue Perspektiven zu entwickeln und gemeinsam neue Wege zu entdecken. Dabei ist mir neben dem individuellen Erleben des Kindes oder Jugendlichen auch der Blick auf das jeweilige famili\u00e4re, soziale und schulische Umfeld wichtig. Schwierigkeiten entstehen und entwickeln sich h\u00e4ufig im Zusammenspiel verschiedener Lebensbereiche. <\/p>\n\n\n\n<p class=\"has-text-color has-link-color wp-elements-7 wp-block-paragraph\" style=\"color:#2b2b2b;font-size:clamp(14px, 0.875rem + ((1vw - 3.2px) * 0.392), 18px);px\">Ich verstehe psychische Belastungen daher nicht ausschlie\u00dflich als etwas, das innerhalb eines Menschen entsteht, sondern betrachte sie auch im Zusammenspiel mit seinem jeweiligen Lebensumfeld und seinen Beziehungen. Dieser systemische Blick erg\u00e4nzt meine verhaltenstherapeutische Arbeitsweise. <\/p>\n\n\n\n<p class=\"has-text-color has-link-color wp-elements-8 wp-block-paragraph\" style=\"color:#2b2b2b;font-size:clamp(14px, 0.875rem + ((1vw - 3.2px) * 0.392), 18px);px\">Dabei sind mir ein wertsch\u00e4tzender, respektvoller und zugewandter Umgang besonders wichtig. Kinder und Jugendliche und deren Eltern\/Bezugspersonen sollen sich in der Therapie sicher und verstanden f\u00fchlen und die M\u00f6glichkeit haben, ihre Gedanken und Gef\u00fchle offen anzusprechen.<\/p>\n<\/div>\n\n\n\n<div class=\"wp-block-column is-layout-flow wp-block-column-is-layout-flow\" style=\"padding-top:0;padding-right:var(--wp--preset--spacing--30);padding-bottom:0;padding-left:var(--wp--preset--spacing--30)\">\n<blockquote class=\"wp-block-quote is-style-plain has-large-font-size is-layout-flow wp-block-quote-is-layout-flow is-style-plain--3\" style=\"border-style:none;border-width:0px\">\n<p class=\"has-accent-3-color has-text-color has-link-color has-x-large-font-size wp-elements-9 wp-block-paragraph\" style=\"padding-top:0;padding-bottom:0\">Jeder Mensch ist einzigartig \u2013 und genauso individuell sollte auch Psychotherapie sein.<\/p>\n<\/blockquote>\n\n\n\n<div class=\"wp-block-columns is-layout-flex wp-container-core-columns-is-layout-794e3cfa wp-block-columns-is-layout-flex\">\n<div class=\"wp-block-column is-layout-flow wp-block-column-is-layout-flow\">\n<p class=\"has-text-color has-link-color wp-elements-10 wp-block-paragraph\" style=\"color:#2b2b2b;font-size:clamp(14px, 0.875rem + ((1vw - 3.2px) * 0.392), 18px);px\">Eine vertrauensvolle Zusammenarbeit und die eigene Bereitschaft, sich auf den therapeutischen Prozess einzulassen, sind wichtige Voraussetzungen daf\u00fcr, dass Psychotherapie hilfreich sein kann. Dabei ist mir besonders wichtig, die pers\u00f6nliche Sichtweise und das Tempo des Kindes oder Jugendlichen zu ber\u00fccksichtigen und gemeinsam herauszufinden, was es braucht, damit Ver\u00e4nderung m\u00f6glich werden kann. Denn nur wenn wir einander zuh\u00f6ren, k\u00f6nnen wir beginnen, uns wirklich zu verstehen.<\/p>\n\n\n\n<div style=\"height:67px\" aria-hidden=\"true\" class=\"wp-block-spacer\"><\/div>\n\n\n\n<h2 class=\"wp-block-heading has-text-align-left has-accent-3-color has-text-color has-link-color has-x-large-font-size wp-elements-11\" style=\"margin-right:0;margin-left:0;padding-right:0;padding-left:0\">Mein fachlicher Weg<br><\/h2>\n\n\n\n<ul class=\"wp-block-list\">\n<li class=\"has-text-color has-link-color has-medium-font-size wp-elements-12\" style=\"color:#2b2b2b\"><strong>Studium der Diplomp\u00e4dagogik<\/strong> <br>an der Goethe-Universit\u00e4t Frankfurt am Main <br>Diplomabschluss im Oktober 2006 <br><\/li>\n\n\n\n<li class=\"has-text-color has-link-color has-medium-font-size wp-elements-13\" style=\"color:#2b2b2b\"><strong>Ausbildung zur Kinder- und Jugendlichenpsychotherapeutin <\/strong><br>am IVT Brandenburg GmbH mit Schwerpunkt Verhaltenstherapie <br><\/li>\n\n\n\n<li class=\"has-text-color has-link-color has-medium-font-size wp-elements-14\" style=\"color:#2b2b2b\"><strong>Erlangung der Approbation<\/strong> <br>zur Kinder- und Jugendlichenpsychotherapeutin im September 2011<br><\/li>\n\n\n\n<li class=\"has-text-color has-link-color has-medium-font-size wp-elements-15\" style=\"color:#2b2b2b\"><strong>Kassenzulassung <\/strong>als Kinder- und Jugendlichenpsychotherapeutin <br>von 2012 bis heute in eigener psychotherapeutischer Praxis<\/li>\n<\/ul>\n\n\n\n<div style=\"height:30px\" aria-hidden=\"true\" class=\"wp-block-spacer\"><\/div>\n<\/div>\n<\/div>\n<\/div>\n<\/div>\n\n\n\n<div style=\"height:20px\" aria-hidden=\"true\" class=\"wp-block-spacer\"><\/div>\n\n\n\n<div class=\"wp-block-group is-layout-grid wp-container-core-group-is-layout-94a3c3b3 wp-block-group-is-layout-grid\">\n<div class=\"wp-block-group has-global-padding is-layout-constrained wp-block-group-is-layout-constrained\">\n<h2 class=\"wp-block-heading has-text-align-left has-accent-3-color has-text-color has-link-color has-x-large-font-size wp-elements-16\" style=\"margin-right:0;margin-left:0;padding-right:0;padding-left:0\">Ein Raum, in dem du sein darfst, wie du bist<\/h2>\n\n\n\n<p class=\"has-text-color has-link-color wp-elements-17 wp-block-paragraph\" style=\"color:#2b2b2b;font-size:clamp(14px, 0.875rem + ((1vw - 3.2px) * 0.392), 18px);px\">Eine Krise kann nicht nur belastend sein, sondern auch eine M\u00f6glichkeit er\u00f6ffnen, sich selbst besser kennenzulernen, neue Perspektiven zu entwickeln und pers\u00f6nlich zu wachsen. Gemeinsam k\u00f6nnen wir schauen, welche Ressourcen bereits vorhanden sind und wie diese f\u00fcr die aktuelle Situation genutzt werden k\u00f6nnen. <\/p>\n\n\n\n<p class=\"has-text-color has-link-color wp-elements-18 wp-block-paragraph\" style=\"color:#2b2b2b;font-size:clamp(14px, 0.875rem + ((1vw - 3.2px) * 0.392), 18px);px\">Ich schaffe einen gesch\u00fctzten Raum, in dem du dich zeigen kannst, wie du bist \u2013 mit allem, was dich besch\u00e4ftigt, bewegt oder belastet. <\/p>\n\n\n\n<p class=\"has-text-color has-link-color wp-elements-19 wp-block-paragraph\" style=\"color:#2b2b2b;font-size:clamp(14px, 0.875rem + ((1vw - 3.2px) * 0.392), 18px);px\">Meine Aufgabe sehe ich darin, Kinder und Jugendliche sowie ihre Familien dabei zu unterst\u00fctzen, pers\u00f6nliche Herausforderungen besser zu verstehen, neue Perspektiven zu entwickeln und gemeinsam neue Wege zu entdecken. Dabei ist mir neben dem individuellen Erleben des Kindes oder Jugendlichen auch der Blick auf das jeweilige famili\u00e4re, soziale und schulische Umfeld wichtig. Schwierigkeiten entstehen und entwickeln sich h\u00e4ufig im Zusammenspiel verschiedener Lebensbereiche. <\/p>\n\n\n\n<p class=\"has-text-color has-link-color wp-elements-20 wp-block-paragraph\" style=\"color:#2b2b2b;font-size:clamp(14px, 0.875rem + ((1vw - 3.2px) * 0.392), 18px);px\">Ich verstehe psychische Belastungen daher nicht ausschlie\u00dflich als etwas, das innerhalb eines Menschen entsteht, sondern betrachte sie auch im Zusammenspiel mit seinem jeweiligen Lebensumfeld und seinen Beziehungen. Dieser systemische Blick erg\u00e4nzt meine verhaltenstherapeutische Arbeitsweise. <\/p>\n\n\n\n<p class=\"has-text-color has-link-color wp-elements-21 wp-block-paragraph\" style=\"color:#2b2b2b;font-size:clamp(14px, 0.875rem + ((1vw - 3.2px) * 0.392), 18px);px\">Dabei sind mir ein wertsch\u00e4tzender, respektvoller und zugewandter Umgang besonders wichtig. Kinder und Jugendliche und deren Eltern\/Bezugspersonen sollen sich in der Therapie sicher und verstanden f\u00fchlen und die M\u00f6glichkeit haben, ihre Gedanken und Gef\u00fchle offen anzusprechen.<\/p>\n<\/div>\n<\/div>\n\n\n\n<blockquote class=\"wp-block-quote is-style-plain has-large-font-size is-layout-flow wp-block-quote-is-layout-flow is-style-plain--4\" style=\"border-style:none;border-width:0px\">\n<p class=\"has-accent-3-color has-text-color has-link-color has-x-large-font-size wp-elements-22 wp-block-paragraph\">Jeder Mensch ist einzigartig \u2013 und genauso individuell sollte auch Psychotherapie sein.<\/p>\n<\/blockquote>\n\n\n\n<div class=\"wp-block-columns is-layout-flex wp-container-core-columns-is-layout-794e3cfa wp-block-columns-is-layout-flex\">\n<div class=\"wp-block-column is-layout-flow wp-block-column-is-layout-flow\">\n<p class=\"has-text-color has-link-color wp-elements-23 wp-block-paragraph\" style=\"color:#2b2b2b;font-size:clamp(14px, 0.875rem + ((1vw - 3.2px) * 0.392), 18px);px\">Eine vertrauensvolle Zusammenarbeit und die eigene Bereitschaft, sich auf den therapeutischen Prozess einzulassen, sind wichtige Voraussetzungen daf\u00fcr, dass Psychotherapie hilfreich sein kann. Dabei ist mir besonders wichtig, die pers\u00f6nliche Sichtweise und das Tempo des Kindes oder Jugendlichen zu ber\u00fccksichtigen und gemeinsam herauszufinden, was es braucht, damit Ver\u00e4nderung m\u00f6glich werden kann. Denn nur wenn wir einander zuh\u00f6ren, k\u00f6nnen wir beginnen, uns wirklich zu verstehen.<\/p>\n\n\n\n<div style=\"height:30px\" aria-hidden=\"true\" class=\"wp-block-spacer\"><\/div>\n<\/div>\n<\/div>\n\n\n\n<hr class=\"wp-block-separator has-alpha-channel-opacity\"\/>\n\n\n\n<div class=\"wp-block-group alignfull is-style-default has-contrast-color has-text-color has-link-color wp-elements-24 has-global-padding is-layout-constrained wp-container-core-group-is-layout-49249989 wp-block-group-is-layout-constrained\" style=\"min-height:0vh;margin-top:0;margin-bottom:0;padding-top:var(--wp--preset--spacing--60);padding-right:var(--wp--preset--spacing--50);padding-bottom:var(--wp--preset--spacing--60);padding-left:var(--wp--preset--spacing--50)\">\n<div class=\"wp-block-group has-global-padding is-layout-constrained wp-container-core-group-is-layout-f15145cb wp-block-group-is-layout-constrained\">\n<h2 class=\"wp-block-heading has-text-align-left has-accent-3-color has-text-color has-link-color has-x-large-font-size wp-elements-25\" style=\"margin-right:0;margin-left:0;padding-right:0;padding-left:0\">Mein fachlicher Weg<br><\/h2>\n\n\n\n<ul class=\"wp-block-list\">\n<li class=\"has-text-color has-link-color has-medium-font-size wp-elements-26\" style=\"color:#2b2b2b\"><strong>Studium der Diplomp\u00e4dagogik<\/strong> <br>an der Goethe-Universit\u00e4t Frankfurt am Main <br>Diplomabschluss im Oktober 2006 <br><\/li>\n\n\n\n<li class=\"has-text-color has-link-color has-medium-font-size wp-elements-27\" style=\"color:#2b2b2b\"><strong>Ausbildung zur Kinder- und Jugendlichenpsychotherapeutin <\/strong><br>am IVT Brandenburg GmbH mit Schwerpunkt Verhaltenstherapie <br><\/li>\n\n\n\n<li class=\"has-text-color has-link-color has-medium-font-size wp-elements-28\" style=\"color:#2b2b2b\"><strong>Erlangung der Approbation<\/strong> <br>zur Kinder- und Jugendlichenpsychotherapeutin im September 2011<br><\/li>\n\n\n\n<li class=\"has-text-color has-link-color has-medium-font-size wp-elements-29\" style=\"color:#2b2b2b\"><strong>Kassenzulassung <\/strong>als Kinder- und Jugendlichenpsychotherapeutin <br>von 2012 bis heute in eigener psychotherapeutischer Praxis<\/li>\n<\/ul>\n<\/div>\n<\/div>\n\n\n\n<div class=\"wp-block-group alignfull has-text-color has-link-color wp-elements-30 has-global-padding is-layout-constrained wp-block-group-is-layout-constrained\" style=\"color:#2b2b2b;margin-top:0;margin-bottom:0\">\n<div class=\"wp-block-group alignwide is-layout-flow wp-container-core-group-is-layout-a0aa5dda wp-block-group-is-layout-flow\" style=\"padding-top:var(--wp--preset--spacing--50);padding-bottom:var(--wp--preset--spacing--50)\">\n<h2 class=\"wp-block-heading has-x-large-font-size\">Psychotherapie<\/h2>\n\n\n\n<div class=\"wp-block-columns is-layout-flex wp-container-core-columns-is-layout-5b9cbc20 wp-block-columns-is-layout-flex\">\n<div class=\"wp-block-column is-layout-flow wp-block-column-is-layout-flow\">\n<div class=\"wp-block-group is-layout-flow wp-block-group-is-layout-flow\" style=\"border-top-color:var(--wp--preset--color--accent-6);border-top-width:1px;padding-top:var(--wp--preset--spacing--30);padding-bottom:var(--wp--preset--spacing--30)\">\n<h3 class=\"wp-block-heading has-text-color has-link-color wp-elements-31\" style=\"color:#2b2b2b\">Privatpatienten &amp; <br>Selbstzahler<\/h3>\n\n\n\n<p class=\"has-medium-font-size wp-block-paragraph\">Meine psychotherapeutische Behandlung richtet sich ausschlie\u00dflich an Privatpatienten und Selbstzahler. Die Kosten der Therapie richten sich nach der GO\u00c4\/GOP (Geb\u00fchrenordnung f\u00fcr \u00c4rzte\/ Geb\u00fchrenordnung f\u00fcr Psychotherapeuten). Bitte informieren Sie sich f\u00fcr die Kosten\u00fcbernahme bei Ihrer Versicherung.<\/p>\n<\/div>\n<\/div>\n\n\n\n<div class=\"wp-block-column is-layout-flow wp-block-column-is-layout-flow\">\n<div class=\"wp-block-group is-layout-flow wp-block-group-is-layout-flow\" style=\"border-top-color:var(--wp--preset--color--accent-6);border-top-width:1px;padding-top:var(--wp--preset--spacing--30);padding-bottom:var(--wp--preset--spacing--30)\">\n<h3 class=\"wp-block-heading has-text-color has-link-color wp-elements-32\" style=\"color:#2b2b2b\">Psychotherapeutische <br>Sprechstunde<\/h3>\n\n\n\n<p class=\"has-text-color has-link-color has-medium-font-size wp-elements-33 wp-block-paragraph\" style=\"color:#2b2b2b\">Gerne k\u00f6nnen Sie Kontakt zu mir aufnehmen und ein erstes unverbindliches Gespr\u00e4ch innerhalb meiner psychotherapeutischen Sprechstunde vereinbaren. Gemeinsam k\u00f6nnen wir schauen, was Sie besch\u00e4ftigt und ob meine Praxis der passende Ort f\u00fcr eine therapeutische Unterst\u00fctzung ist.<\/p>\n<\/div>\n<\/div>\n<\/div>\n<\/div>\n<\/div>\n\n\n\n<aside class=\"wp-block-group alignfull is-style-section-1 has-global-padding is-layout-constrained wp-container-core-group-is-layout-a131b9ca wp-block-group-is-layout-constrained is-style-section-1--5\" style=\"margin-top:0;margin-bottom:0;padding-top:var(--wp--preset--spacing--40);padding-right:var(--wp--preset--spacing--50);padding-bottom:var(--wp--preset--spacing--40);padding-left:var(--wp--preset--spacing--50)\">\n<div class=\"wp-block-group is-vertical is-content-justification-center is-layout-flex wp-container-core-group-is-layout-65db5ff9 wp-block-group-is-layout-flex\" style=\"min-height:360px;margin-top:0;margin-bottom:0\">\n<h2 class=\"wp-block-heading has-text-align-center has-accent-3-color has-text-color has-link-color has-xx-large-font-size wp-elements-34\">Ich freue mich darauf, Sie und Ihr Kind, dich kennenzulernen.<\/h2>\n\n\n\n<p class=\"has-text-align-center is-style-text-subtitle has-text-color has-link-color wp-elements-35 is-style-text-subtitle--6 wp-block-paragraph\" style=\"color:#2b2b2b\">Jana Mack<\/p>\n<\/div>\n<\/aside>\n\n\n\n<div class=\"wp-block-group alignfull has-contrast-color has-text-color has-link-color wp-elements-36 has-global-padding is-layout-constrained wp-block-group-is-layout-constrained\" style=\"margin-top:0;margin-bottom:0;padding-top:var(--wp--preset--spacing--50);padding-bottom:var(--wp--preset--spacing--50)\">\n<div class=\"wp-block-group alignwide has-global-padding is-layout-constrained wp-block-group-is-layout-constrained\">\n<h2 class=\"wp-block-heading has-text-align-left alignfull has-text-color has-link-color has-xx-large-font-size wp-elements-37\" style=\"color:#2b2b2b\">Kontakt<\/h2>\n\n\n\n<div class=\"wp-block-group alignwide is-layout-grid wp-container-core-group-is-layout-4f143809 wp-block-group-is-layout-grid\" style=\"border-top-color:var(--wp--preset--color--accent-4);border-top-width:1px;margin-top:var(--wp--preset--spacing--50);padding-top:var(--wp--preset--spacing--60);padding-bottom:var(--wp--preset--spacing--60)\">\n<p class=\"has-text-color has-link-color wp-elements-38 wp-container-content-e9e3d78d wp-block-paragraph\" style=\"color:#000000;margin-top:0;margin-bottom:0;padding-top:0;padding-right:0;padding-bottom:0;padding-left:0;column-count:1\"><strong>Dipl.P\u00e4d. Jana Mack <br><\/strong>Kinder- und Jugendlichenpsychotherapeutin Verhaltenstherapie <br><br>Friedrich-Ebert-Stra\u00dfe 2 <br>69412 Eberbach <br><a href=\"mailto:info@praxismack.de\">info@praxismack.de<\/a> <br><a href=\"tel:01771818044\">0177 1818044<\/a><\/p>\n\n\n\n<p class=\"has-text-color has-link-color has-large-font-size wp-elements-39 wp-container-content-e9e3d78d wp-block-paragraph\" style=\"color:#2b2b2b;padding-top:0;padding-right:var(--wp--preset--spacing--60);padding-bottom:0;padding-left:var(--wp--preset--spacing--60)\"><strong>Infos<\/strong><br><a href=\"#\">Impressum<\/a><br><a href=\"#\">Datenschutz<br><\/a><br><\/p>\n<\/div>\n<\/div>\n<\/div>\n","protected":false},"excerpt":{"rendered":"<p>Psychotherapeutische Praxisf\u00fcr Kinder und Jugendliche Verhaltenstherapie F\u00fcr Privatpatienten und Selbstzahler Herzlich willkommen bei Dipl.P\u00e4d. Jana Mack In meiner psychotherapeutischen Praxis in Eberbach\u00a0begleite ich als approbierte Kinder- und Jugendlichenpsychotherapeutin Kinder und Jugendliche sowie deren Familien im Richtlinienverfahren\u00a0Verhaltenstherapie. Ein Raum, in dem du sein darfst, wie du bist Eine Krise kann nicht nur belastend sein, sondern auch [&hellip;]<\/p>\n","protected":false},"author":1,"featured_media":0,"parent":0,"menu_order":0,"comment_status":"closed","ping_status":"open","template":"","meta":{"footnotes":""},"class_list":["post-2","page","type-page","status-publish","hentry"],"_links":{"self":[{"href":"https:\/\/www.praxismack.de\/index.php?rest_route=\/wp\/v2\/pages\/2","targetHints":{"allow":["GET"]}}],"collection":[{"href":"https:\/\/www.praxismack.de\/index.php?rest_route=\/wp\/v2\/pages"}],"about":[{"href":"https:\/\/www.praxismack.de\/index.php?rest_route=\/wp\/v2\/types\/page"}],"author":[{"embeddable":true,"href":"https:\/\/www.praxismack.de\/index.php?rest_route=\/wp\/v2\/users\/1"}],"replies":[{"embeddable":true,"href":"https:\/\/www.praxismack.de\/index.php?rest_route=%2Fwp%2Fv2%2Fcomments&post=2"}],"version-history":[{"count":174,"href":"https:\/\/www.praxismack.de\/index.php?rest_route=\/wp\/v2\/pages\/2\/revisions"}],"predecessor-version":[{"id":234,"href":"https:\/\/www.praxismack.de\/index.php?rest_route=\/wp\/v2\/pages\/2\/revisions\/234"}],"wp:attachment":[{"href":"https:\/\/www.praxismack.de\/index.php?rest_route=%2Fwp%2Fv2%2Fmedia&parent=2"}],"curies":[{"name":"wp","href":"https:\/\/api.w.org\/{rel}","templated":true}]}}